{"id":876,"date":"2019-09-28T19:17:44","date_gmt":"2019-09-28T17:17:44","guid":{"rendered":"https:\/\/www.euroelectrictour.com\/w\/?page_id=876"},"modified":"2021-08-28T12:49:48","modified_gmt":"2021-08-28T10:49:48","slug":"a-propos","status":"publish","type":"page","link":"https:\/\/www.euroelectrictour.com\/w\/a-propos\/","title":{"rendered":"\u00c0 propos"},"content":{"rendered":"\n<p><em>Euro Electric Tour*<\/em><\/p>\n\n\n\n<ul class=\"wp-block-list\"><li>34 pays<\/li><li>&gt; 22000 Km<\/li><li>4 mois<\/li><\/ul>\n\n\n\n<p><\/p>\n\n\n<blockquote>\n<h2>Avant le d\u00e9part :<\/h2>\n<hr \/>\n<h2><strong>Euro Electric Tour*<\/strong><br \/><strong><img decoding=\"async\" src=\"\/w\/wp-content\/uploads\/2019\/03\/201505_EET_carte-150x150.png\" alt=\"201505_EET_carte\" width=\"150\" height=\"150\" \/><\/strong>plus de 25 pays, de Paris \u00e0 Bruxelles en passant par Ath\u00e8nes, Helsinki, Lisbonne,\u2026 !<\/h2>\n<\/blockquote>\n<p><strong>D\u00e9couvrir et partager l\u2019Europe en allant \u00e0 sa rencontre, en voiture \u00e9lectrique !<\/strong><\/p>\n<p><img decoding=\"async\" src=\"\/w\/wp-content\/uploads\/2019\/03\/201405_Autoroute_AT_S4320812-150x150.jpg\" alt=\"201405_Autoroute_AT_S4320812\" width=\"150\" height=\"150\" \/><\/p>\n<p align=\"justify\">Alors que la pr\u00e9paration de ce p\u00e9riple d\u00e9bute, les remarques fusent : en \u00e9lectrique, ce n\u2019est pas possible ! il n\u2019y a pas de pompes ! pourquoi pas avec un diesel, si pratique, disponible et \u00e9conomique !<\/p>\n<p align=\"justify\"><strong>Traverser l\u2019Europe<\/strong> en d\u00e9versant des gaz d\u2019\u00e9chappement diesel que m\u00eame l\u2019Organisation Mondiale de la Sant\u00e9 confirme comme canc\u00e9rig\u00e8nes, est-ce raisonnable ?<\/p>\n<p align=\"justify\">Les voitures \u00e9lectriques g\u00e9n\u00e8rent beaucoup moins de nuisances \u00e0 l\u2019utilisation. Avec l\u2019am\u00e9lioration de leur construction, de leur rechargement et le recyclage, elle peuvent conqu\u00e9rir le monde !<\/p>\n<p align=\"justify\"><img decoding=\"async\" src=\"\/w\/wp-content\/uploads\/2019\/03\/201405_nature_Autriche_S4310161-150x150.jpg\" alt=\"201405_nature_Autriche_S4310161\" width=\"150\" height=\"150\" \/>A ce jour peu sont capables d\u2019effectuer plus de 100Km sans recharger, mais nous sommes au XXI\u00e8me si\u00e8cle ! L\u2019\u00e9lectricit\u00e9 est pr\u00e9sente partout et de plus en plus produite \u00e0 partir de sources renouvelables. Elle alimente aussi bien notre \u00e9clairage, nos jouets, notre cuisine, nos mobiles, nos v\u00e9los, nos magasins, nos trains, nos entreprises, nos ordinateurs et Internet !<\/p>\n<p align=\"justify\">D\u2019accord, mais trouver une prise accessible plusieurs heures tous les 100km, ce n\u2019est pas r\u00e9aliste !<\/p>\n<p align=\"justify\">Avec une distance moyenne de 160Km par jour, c\u2019est possible ! Avec une Tesla S ce sera une r\u00e9alit\u00e9 : avec ses chargeurs rapides pr\u00e9sents dans plusieurs pays, son autonomie d\u00e9passant les 400Km r\u00e9els et des chargeurs publics, le nombre de prises compl\u00e9mentaires deviens raisonnable.<\/p>\n<p align=\"justify\"><img loading=\"lazy\" decoding=\"async\" src=\"\/w\/wp-content\/uploads\/2019\/03\/201401_Tesla_NO_S4280156-150x150.jpg\" alt=\"201401_Tesla_NO_S4280156\" width=\"150\" height=\"150\" \/>Cependant il est difficile de disposer d\u2019une Tesla S pour quelques mois. Les offres de location \u00e0 la journ\u00e9e et de longue dur\u00e9e, souvent pour 3 ans, ne conviennent pas, sans parler de contraintes comme \u00ab ne peuvent circuler que sur le territoire de la France m\u00e9tropolitaine \u00bb .<\/p>\n<p align=\"justify\">Un partenariat avec une soci\u00e9t\u00e9 proposant des Tesla S en location permettrait au v\u00e9hicule lou\u00e9 de circuler en Europe pendant les quelques mois du projet. Une discussion d\u00e9j\u00e0 entam\u00e9e peut permettre un d\u00e9part avant l\u2019\u00e9t\u00e9, durant la Semaine Europ\u00e9enne de l\u2019Energie Durable (15 au 19 juin) !<\/p>\n<p align=\"justify\">Acc\u00e9l\u00e9rons les choses, montrez votre int\u00e9r\u00eat, suivez et participez \u00e0 l\u2019aventure ! D\u00e9couvrez ce territoire d\u2019une grande diversit\u00e9, aussi bien humaine que g\u00e9ographique. Avec ses paysages, ses villages et villes, \u00e0 la rencontre des habitants, artistes, associations, entreprises, acteurs locaux, voyageurs,\u2026 partenaires sans lesquels ce tour ne serait pas possible.<\/p>\n<p align=\"justify\"><strong>Pourquoi 25 pays ?<\/strong><\/p>\n<p align=\"justify\">Ce nombre repr\u00e9sente plus de la moiti\u00e9 de l\u2019Europe g\u00e9ographique qui compte plus de 40 pays. Sommes-nous capables d\u2019en citer d\u00e9j\u00e0 25 ?<br \/>Selon vous parmi ces 5 pays Andorre, Bulgarie, Croatie, Islande et Serbie combien appartiennent \u00e0 l\u2019Union Europ\u00e9enne ?<br \/>L\u2019histoire de l\u2019Europe est une succession de divisions, de g\u00e2chis inhumains mais aussi de conqu\u00eates culturelles, scientifiques et humaines. Depuis une cinquantaine d\u2019ann\u00e9es, des associations ont r\u00e9duit les tensions, am\u00e9liorent les \u00e9changes, en voici quelques-unes qui r\u00e9pondent \u00e0 la question pr\u00e9c\u00e9dente :<\/p>\n<p align=\"justify\">\u2013 19 membres : Zone Euro, une monnaie<br \/>\u2013 26 membres : Espace Schengen, une fronti\u00e8re<br \/>\u2013 28 membres : Union Europ\u00e9enne, \u00ab Unie dans la diversit\u00e9 \u00bb<br \/>\u2013 31 membres : Espace \u00e9conomique europ\u00e9en, compos\u00e9e de l\u2019UE (hors Croatie en cours) ainsi que Norv\u00e8ge, Suisse, Liechtenstein et Islande<br \/>\u2013 47 membres : Conseil de l\u2019Europe, une protection des droits. Incluant les membres de l\u2019UE, Andorre, Serbie,\u2026<\/p>\n<p align=\"justify\"><strong>A travers ce d\u00e9fi, red\u00e9couvrons l\u2019Europe d\u2019aujourd\u2019hui en \u00e9lectrique et pr\u00e9parons celle de demain !<\/strong><\/p>\n<p align=\"justify\"><img loading=\"lazy\" decoding=\"async\" src=\"\/w\/wp-content\/uploads\/2019\/03\/20150327_Serge_Marcoussis_153846-150x150.jpg\" alt=\"20150327_Serge_Marcoussis_153846\" width=\"150\" height=\"150\" \/>Serge R, 18 pays d\u2019Europe visit\u00e9s, 4 langues parl\u00e9es, des roads-trips en Am\u00e9rique, Australie, Europe et aussi Afrique \u00e0 l\u2019occasion d\u2019un \u00e9co-volontariat, fan de beaux paysages, projets innovants, mus\u00e9es, \u00e9changes, tradition et modernit\u00e9,\u2026<br \/>Le nombre de personnes participant augmente et couvrira l\u2019Europe dans les prochains mois. Parmi eux une \u00e9quipe d\u2019\u00e9tudiants qui pr\u00e9pare son propre Rallye Etudiant Europ\u00e9en de promotion du VE. Les propositions de partenariat, mat\u00e9riel, financement, services, ou m\u00e9dia comme celle de Tesla-Mag sont les bienvenues ! (Contact : via le site web )<img loading=\"lazy\" decoding=\"async\" src=\"\/w\/wp-content\/uploads\/2019\/03\/20140620_Serge_MC_135805-150x150.jpg\" alt=\"20140620_Serge_MC_135805\" width=\"150\" height=\"150\" \/><\/p>\n<p align=\"justify\"><strong>Illustrations :<\/strong><\/p>\n<ul>\n<li>Carte EET, Europe, par Serge R, Mars 2015 (fond de carte : <a href=\"http:\/\/bookshop.europa.eu\/fr\/unie-dans-la-diversit--pbKC0113688\/\" target=\"_blank\" rel=\"noopener noreferrer\">http:\/\/bookshop.europa.eu\/fr\/unie-dans-la-diversit\u2013pbKC0113688\/<\/a>)<\/li>\n<li>Autoroute, R\u00e9gion de Graz, Autriche, photo par Serge R, Mai 2014<\/li>\n<li>Nature, R\u00e9gion de Graz, Autriche, photo par Serge R, Mai 2014<\/li>\n<li>Tesla S, Oslo, Norv\u00e8ge, photo par Serge R, Janvier 2014<\/li>\n<li>Serge R, Marcoussis, France, Mars 2015<\/li>\n<li>Serge R, Monaco, Juin 2014<\/li>\n<\/ul>\n<p><a>About<\/a><\/p>\n<p>Before leaving :<br \/>Euro Electric Tour *<br \/>more than 25 countries, from Paris to Brussels via Athens, Helsinki, Lisbon, \u2026!<\/p>\n<h2><strong><img decoding=\"async\" src=\"\/w\/wp-content\/uploads\/2019\/03\/201505_EET_carte-150x150.png\" alt=\"201505_EET_carte\" width=\"150\" height=\"150\" \/><\/strong><\/h2>\n<p>Discover and share Europe by going to meet him, by electric car!<\/p>\n<p>While the preparation of this journey begins, the remarks fuse: in electric, it is not possible! there are no pumps! why not with a diesel, so practical, available and economical!<\/p>\n<p><img decoding=\"async\" src=\"\/w\/wp-content\/uploads\/2019\/03\/201405_Autoroute_AT_S4320812-150x150.jpg\" alt=\"201405_Autoroute_AT_S4320812\" width=\"150\" height=\"150\" \/><\/p>\n<p>To cross Europe by dumping diesel exhaust that even the World Health Organization confirms as carcinogenic, is it reasonable?<\/p>\n<p>Electric cars generate much less nuisance to use. With the improvement of their construction, reloading and recycling, they can conquer the world!<\/p>\n<p>To date few are able to perform more than 100Km without recharging, but we are in the 21st century! Electricity is everywhere and more and more produced from renewable sources. It powers our lighting, our toys, our kitchen, our mobiles, our bikes, our stores, our trains, our businesses, our computers and the Internet!<\/p>\n<p>Okay, but finding an accessible plug several hours every 100km is not realistic!<img decoding=\"async\" src=\"\/w\/wp-content\/uploads\/2019\/03\/201405_nature_Autriche_S4310161-150x150.jpg\" alt=\"201405_nature_Autriche_S4310161\" width=\"150\" height=\"150\" \/><\/p>\n<p>With an average distance of 160Km per day, it is possible! With a Tesla S it will be a reality: with its fast chargers present in several countries, its autonomy exceeding the actual 400Km and public chargers, the number of additional takes become reasonable.<\/p>\n<p>However it is difficult to have a Tesla S for a few months. Long-term and long-term rental offers, often for 3 years, are not suitable, not to mention constraints such as \u201ccan only be used on the territory of metropolitan France\u201d.<\/p>\n<p>A partnership with a company offering Tesla S rental would allow the rented vehicle to circulate in Europe during the few months of the project. A discussion already started can allow a departure before the summer, during the European Week of Sustainable Energy (15 to 19 June)!<img loading=\"lazy\" decoding=\"async\" src=\"\/w\/wp-content\/uploads\/2019\/03\/201401_Tesla_NO_S4280156-150x150.jpg\" alt=\"201401_Tesla_NO_S4280156\" width=\"150\" height=\"150\" \/><\/p>\n<p>Let\u2019s speed things up, show your interest, follow and participate in the adventure! Discover this territory of great diversity, both human and geographical. With its landscapes, its villages and cities, to meet the inhabitants, artists, associations, companies, local actors, travelers, \u2026 partners without whom this tour would not be possible.<\/p>\n<p>Why 25 countries?<\/p>\n<p>This number represents more than half of the geographical Europe which counts more than 40 countries. Are we able to quote 25 already?<br \/>According to you among these 5 countries Andorra, Bulgaria, Croatia, Iceland and Serbia how many belong to the European Union?<br \/>The history of Europe is a succession of divisions, of inhuman waste but also of cultural, scientific and human conquests. For the past fifty years, associations have reduced tensions, improved exchanges, here are some that answer the previous question:<\/p>\n<p>\u2013 19 members: Euro zone, a currency<br \/>\u2013 26 members: Schengen Area, a border<br \/>\u2013 28 members: European Union, \u201cUnited in diversity\u201d<br \/>\u2013 31 members: European Economic Area, composed of the EU (excluding Croatia in progress) as well as Norway, Switzerland, Liechtenstein and Iceland<br \/>\u2013 47 members: Council of Europe, a protection of rights. Including EU members, Andorra, Serbia, \u2026<\/p>\n<p>Through this challenge, let\u2019s rediscover the Europe of today in electric and prepare the one of tomorrow!<\/p>\n<p>Serge R, 18 European countries visited, 4 languages spoken, roads-trips in America, Australia, Europe and also Africa on the occasion of an eco-volunteering, fan of beautiful landscapes, innovative projects, museums, exchanges, tradition and modernity, \u2026<img loading=\"lazy\" decoding=\"async\" src=\"\/w\/wp-content\/uploads\/2019\/03\/20150327_Serge_Marcoussis_153846-150x150.jpg\" alt=\"20150327_Serge_Marcoussis_153846\" width=\"150\" height=\"150\" \/><br \/>The number of people participating is increasing and will cover Europe in the coming months. Among them is a team of students preparing their own European Student Rally for VE Promotion. Proposals for partnerships, materials, financing, services, or media like Tesla-Mag are welcome! (Contact: via the website)<\/p>\n<p>Illustrations:<\/p>\n<p>EET map, Europe, by Serge R, March 2015 (found map: http:\/\/bookshop.europa.eu\/en\/united-in-the-diversity\u2013pbKC0113688\/)<img loading=\"lazy\" decoding=\"async\" src=\"\/w\/wp-content\/uploads\/2019\/03\/20140620_Serge_MC_135805-150x150.jpg\" alt=\"20140620_Serge_MC_135805\" width=\"150\" height=\"150\" \/><br \/>Motorway, Graz Region, Austria, picture by Serge R, May 2014<br \/>Nature, Graz Region, Austria, picture by Serge R, May 2014<br \/>Tesla S, Oslo, Norway, photo by Serge R, January 2014<br \/>Serge R, Marcoussis, France, March 2015<br \/>Serge R, Monaco, June 2014<\/p>\n<p><a>A proposito<\/a><\/p>\n<p>Antes de la salida:<br \/>Euro Electric Tour *<br \/>\u00a1M\u00e1s de 25 pa\u00edses, desde Par\u00eds a Bruselas pasando por Atenas, Helsinki, Lisboa, \u2026!<\/p>\n<h2><strong><img decoding=\"async\" src=\"\/w\/wp-content\/uploads\/2019\/03\/201505_EET_carte-150x150.png\" alt=\"201505_EET_carte\" width=\"150\" height=\"150\" \/><\/strong><\/h2>\n<p>\u00a1Descubre y comparte Europa yendo a su encuentro en coche el\u00e9ctrico!<\/p>\n<p>Si bien la preparaci\u00f3n de este viaje comienza, las observaciones se fusionan: en electricidad, \u00a1no es posible! no hay bombas! \u00bfPor qu\u00e9 no con un di\u00e9sel, tan pr\u00e1ctico, disponible y econ\u00f3mico?<\/p>\n<p>Para cruzar Europa vertiendo gases de escape diesel que incluso la Organizaci\u00f3n Mundial de la Salud confirma como cancer\u00edgenos, \u00bfes razonable?<img decoding=\"async\" src=\"\/w\/wp-content\/uploads\/2019\/03\/201405_Autoroute_AT_S4320812-150x150.jpg\" alt=\"201405_Autoroute_AT_S4320812\" width=\"150\" height=\"150\" \/><\/p>\n<p>Los autos el\u00e9ctricos generan mucho menos molestias de uso. Con la mejora de su construcci\u00f3n, recarga y reciclaje, \u00a1pueden conquistar el mundo!<\/p>\n<p>Hasta la fecha, pocos son capaces de realizar m\u00e1s de 100 km sin recargar, \u00a1pero estamos en el siglo XXI! La electricidad est\u00e1 en todas partes y cada vez m\u00e1s se produce a partir de fuentes renovables. \u00a1Alimenta nuestra iluminaci\u00f3n, nuestros juguetes, nuestra cocina, nuestros m\u00f3viles, nuestras bicicletas, nuestras tiendas, nuestros trenes, nuestros negocios, nuestras computadoras e Internet!<\/p>\n<p>Est\u00e1 bien, \u00a1pero encontrar un enchufe accesible varias horas cada 100 km no es realista!<\/p>\n<p>\u00a1Con una distancia promedio de 160 km por d\u00eda, es posible! Con un Tesla S ser\u00e1 una realidad: con sus cargadores r\u00e1pidos presentes en varios pa\u00edses, su autonom\u00eda superior a los 400 km reales y los cargadores p\u00fablicos, la cantidad de tomas adicionales se vuelve razonable.<img decoding=\"async\" src=\"\/w\/wp-content\/uploads\/2019\/03\/201405_nature_Autriche_S4310161-150x150.jpg\" alt=\"201405_nature_Autriche_S4310161\" width=\"150\" height=\"150\" \/><\/p>\n<p>Sin embargo, es dif\u00edcil tener un Tesla S durante unos meses. Las ofertas de alquiler a largo y largo plazo, a menudo durante 3 a\u00f1os, no son adecuadas, sin mencionar restricciones como \u201csolo se pueden utilizar en el territorio de la Francia metropolitana\u201d.<\/p>\n<p>Una asociaci\u00f3n con una compa\u00f1\u00eda que ofrece el alquiler de Tesla S permitir\u00eda que el veh\u00edculo alquilado circule en Europa durante los pocos meses del proyecto. \u00a1Una discusi\u00f3n ya iniciada puede permitir una partida antes del verano, durante la Semana Europea de la Energ\u00eda Sostenible (del 15 al 19 de junio)!<img loading=\"lazy\" decoding=\"async\" src=\"\/w\/wp-content\/uploads\/2019\/03\/201401_Tesla_NO_S4280156-150x150.jpg\" alt=\"201401_Tesla_NO_S4280156\" width=\"150\" height=\"150\" \/><\/p>\n<p>\u00a1Aceleremos las cosas, demostremos su inter\u00e9s, sigamos y participemos en la aventura! Descubre este territorio de gran diversidad, tanto humana como geogr\u00e1fica. Con sus paisajes, sus pueblos y ciudades, para conocer a los habitantes, artistas, asociaciones, empresas, actores locales, viajeros, \u2026 socios sin los cuales esta gira no ser\u00eda posible.<\/p>\n<p>\u00bfPor qu\u00e9 25 pa\u00edses?<\/p>\n<p>Este n\u00famero representa m\u00e1s de la mitad de la Europa geogr\u00e1fica, que cuenta con m\u00e1s de 40 pa\u00edses. \u00bfYa podemos citar 25?<br \/>Seg\u00fan usted entre estos 5 pa\u00edses, Andorra, Bulgaria, Croacia, Islandia y Serbia, \u00bfcu\u00e1ntos pertenecen a la Uni\u00f3n Europea?<br \/>La historia de Europa es una sucesi\u00f3n de divisiones, de desperdicios inhumanos pero tambi\u00e9n de conquistas culturales, cient\u00edficas y humanas. Durante los \u00faltimos cincuenta a\u00f1os, las asociaciones han reducido las tensiones, mejorado los intercambios, aqu\u00ed hay algunos que responden a la pregunta anterior:<\/p>\n<p>\u2013 19 miembros: zona euro, una moneda<br \/>\u2013 26 miembros: \u00c1rea Schengen, una frontera<br \/>\u2013 28 miembros: Uni\u00f3n Europea, \u201cUnidos en la diversidad\u201d<br \/>\u2013 31 miembros: Espacio Econ\u00f3mico Europeo, compuesto por la UE (excluyendo Croacia en progreso) as\u00ed como Noruega, Suiza, Liechtenstein e Islandia<br \/>\u2013 47 miembros: Consejo de Europa, una protecci\u00f3n de los derechos. Incluidos miembros de la UE, Andorra, Serbia, \u2026<\/p>\n<p>\u00a1A trav\u00e9s de este desaf\u00edo, redescubramos la Europa de hoy en electricidad y preparemos la del ma\u00f1ana!<\/p>\n<p>Serge R, 18 pa\u00edses europeos visitados, 4 idiomas hablados, viajes por carretera en Am\u00e9rica, Australia, Europa y tambi\u00e9n \u00c1frica con motivo de un voluntariado ecol\u00f3gico, fan\u00e1tico de hermosos paisajes, proyectos innovadores, museos, intercambios, tradici\u00f3n y modernidad, \u2026<img loading=\"lazy\" decoding=\"async\" src=\"\/w\/wp-content\/uploads\/2019\/03\/20150327_Serge_Marcoussis_153846-150x150.jpg\" alt=\"20150327_Serge_Marcoussis_153846\" width=\"150\" height=\"150\" \/><br \/>El n\u00famero de personas que participan est\u00e1 aumentando y cubrir\u00e1 Europa en los pr\u00f3ximos meses. Entre ellos hay un equipo de estudiantes preparando su propio Rally de Estudiantes Europeos para la Promoci\u00f3n VE. \u00a1Se aceptan propuestas de asociaciones, materiales, financiaci\u00f3n, servicios o medios como Tesla-Mag! (Contacto: a trav\u00e9s del sitio web)<\/p>\n<p>Ilustraciones:<\/p>\n<p>Mapa EET, Europa, por Serge R, marzo de 2015 (mapa encontrado: http:\/\/bookshop.europa.eu\/en\/united-in-the-diversity\u2013pbKC0113688\/)<img loading=\"lazy\" decoding=\"async\" src=\"\/w\/wp-content\/uploads\/2019\/03\/20140620_Serge_MC_135805-150x150.jpg\" alt=\"20140620_Serge_MC_135805\" width=\"150\" height=\"150\" \/><br \/>Autopista, regi\u00f3n de Graz, Austria, foto de Serge R, mayo de 2014<br \/>Naturaleza, regi\u00f3n de Graz, Austria, foto de Serge R, mayo de 2014<br \/>Tesla S, Oslo, Noruega, foto de Serge R, enero de 2014<br \/>Serge R, Marcoussis, Francia, marzo de 2015<br \/>Serge R, M\u00f3naco, junio de 2014<\/p>\n<p><a>Umbes<\/a><\/p>\n<p>Enne lahkumist:<br \/>Euro-elektrituur *<br \/>enam kui 25 riiki, Pariisist Br\u00fcsselisse Ateena, Helsingi, Lissaboni, \u2026 kaudu!<\/p>\n<h2><strong><img decoding=\"async\" src=\"\/w\/wp-content\/uploads\/2019\/03\/201505_EET_carte-150x150.png\" alt=\"201505_EET_carte\" width=\"150\" height=\"150\" \/><\/strong><\/h2>\n<p>Avastage ja jagage Euroopat, minnes temaga kohtuma, elektriautoga!<\/p>\n<p>Kuigi selle teekonna ettevalmistamine. aastal, sulanduvad m\u00e4rkused: elektris\u00fcsteemis pole see v\u00f5imalik! pole pumbasid! miks mitte diiselmootoriga, nii praktiline, saadaval ja \u00f6konoomne!<\/p>\n<p>Kas on m\u00f5istlik \u00fcletada Euroopat diislik\u00fctuse heitgaaside abil, mida isegi Maailma Terviseorganisatsioon kinnitab kantserogeenseks?<img decoding=\"async\" src=\"\/w\/wp-content\/uploads\/2019\/03\/201405_Autoroute_AT_S4320812-150x150.jpg\" alt=\"201405_Autoroute_AT_S4320812\" width=\"150\" height=\"150\" \/><\/p>\n<p>Elektriautode kasutamisel on palju v\u00e4hem ebameeldivusi. Nende ehituse, \u00fcmberlaadimise ja ringlussev\u00f5tu t\u00e4iustamisega saavad nad maailma vallutada!<\/p>\n<p>Praeguseks on v\u00e4hesed v\u00f5imelised ilma laadimiseta toimima \u00fcle 100 km, kuid me oleme 21. sajandil! Elektrit toodetakse k\u00f5ikjal ja \u00fcha enam toodetakse taastuvatest allikatest. See annab meile valgustuse, m\u00e4nguasjad, k\u00f6\u00f6gi, mobiilid, jalgrattad, kauplused, rongid, ettev\u00f5tted, arvutid ja Interneti!<\/p>\n<p>Olgu, kuid juurdep\u00e4\u00e4setava pistiku leidmine mitu tundi iga 100 km tagant pole realistlik!<img decoding=\"async\" src=\"\/w\/wp-content\/uploads\/2019\/03\/201405_nature_Autriche_S4310161-150x150.jpg\" alt=\"201405_nature_Autriche_S4310161\" width=\"150\" height=\"150\" \/><\/p>\n<p>Keskmise vahemaaga 160 km p\u00e4evas on see v\u00f5imalik! Tesla S-ga saab see reaalsuseks: mitmetes riikides asuvate kiirlaadijatega, mille autonoomia \u00fcletab tegelikku 400 km ja avalikud laadijad, muutub lisanduvate seadmete arv m\u00f5istlikuks.<\/p>\n<p>M\u00f5ni kuu on Tesla S omada keeruline. Pikaajalised ja pikaajalised rentimispakkumised, sageli 3-aastased, ei sobi, r\u00e4\u00e4kimata sellistest piirangutest nagu \u201csaab kasutada ainult Prantsusmaa suurlinna territooriumil\u201d.<\/p>\n<p>Partnerlus Tesla S rentimist pakkuva ettev\u00f5ttega v\u00f5imaldaks renditud s\u00f5idukil projekti m\u00f5ne kuu jooksul Euroopas ringi liikuda. Juba alustatud arutelu v\u00f5ib v\u00f5imaldada lahkumist enne suve, Euroopa s\u00e4\u00e4stva energia n\u00e4dalal (15. \u2013 19. Juuni)!<img loading=\"lazy\" decoding=\"async\" src=\"\/w\/wp-content\/uploads\/2019\/03\/201401_Tesla_NO_S4280156-150x150.jpg\" alt=\"201401_Tesla_NO_S4280156\" width=\"150\" height=\"150\" \/><\/p>\n<p>Kiirustame asju, n\u00e4itame \u00fcles oma huvi, j\u00e4lgige ja osalege seikluses! Avastage seda mitmekesise territooriumi, nii inimlikku kui geograafilist. Oma maastike, k\u00fclade ja linnadega, et kohtuda elanike, kunstnike, \u00fchenduste, ettev\u00f5tete, kohalike osalejate, r\u00e4ndurite, \u2026 partneritega, ilma kelleta see tuur poleks v\u00f5imalik.<\/p>\n<p>Miks just 25 riiki?<\/p>\n<p>See arv esindab enam kui pool geograafilisest Euroopast, kuhu kuulub \u00fcle 40 riigi. Kas me saame juba 25 tsiteerida?<br \/>Teie andmetel, kui palju neist 5 riigist on Andorra, Bulgaaria, Horvaatia, Island ja Serbia, kui palju on Euroopa Liitu?<br \/>Euroopa ajalugu on jagunemiste, ebainimlike raiskamiste, aga ka kultuuriliste, teaduslike ja inimlike vallutuste j\u00e4rg. Viimase viiek\u00fcmne aasta jooksul on \u00fchingud v\u00e4hendanud pingeid, parandanud vahetusi, siin on m\u00f5ned, mis vastavad eelmisele k\u00fcsimusele:<\/p>\n<p>\u2013 19 liiget: euroala, valuuta<br \/>\u2013 26 liiget: Schengeni ala, piir<br \/>\u2013 28 liiget: Euroopa Liit, \u201c\u00dchinenud mitmekesisuses\u201d<br \/>\u2013 31 liiget: Euroopa Majanduspiirkond, kuhu kuuluvad EL (v\u00e4lja arvatud k\u00e4imasolev Horvaatia) ning Norra, \u0160veits, Liechtenstein ja Island<br \/>\u2013 47 liiget: Euroopa N\u00f5ukogu, \u00f5iguste kaitse. Sealhulgas ELi liikmed, Andorra, Serbia, \u2026<\/p>\n<p>Selle v\u00e4ljakutse kaudu taasavastagem t\u00e4nap\u00e4eva Euroopa elektrienergia abil ja valmistagem ette homne!<\/p>\n<p>Serge R, k\u00fclastatud 18 Euroopa riiki, 4 keelt r\u00e4\u00e4gitud, reisid Ameerikas, Austraalias, Euroopas ja ka Aafrikas \u00f6ko-vabatahtliku tegevuse raames, kaunite maastike, uuenduslike projektide, muuseumide, vahetuste, traditsioon ja modernsus, \u2026<img loading=\"lazy\" decoding=\"async\" src=\"\/w\/wp-content\/uploads\/2019\/03\/20150327_Serge_Marcoussis_153846-150x150.jpg\" alt=\"20150327_Serge_Marcoussis_153846\" width=\"150\" height=\"150\" \/><br \/>Osalevate inimeste arv kasvab ja h\u00f5lmab l\u00e4hikuudel Euroopat. Nende hulgas on tudengite meeskond, kes valmistab ette oma Euroopa \u00fcli\u00f5pilaste ralli kutsehariduse edendamiseks. Tesla-Mag nagu partnerlussuhete, materjalide, finantseerimise, teenuste v\u00f5i meedia ettepanekud on teretulnud! (Kontakt: veebisaidi kaudu)<\/p>\n<p>Illustratsioonid:<\/p>\n<p>EET kaart, Euroopa, autor Serge R, m\u00e4rts 2015 (leitud kaart: http:\/\/bookshop.europa.eu\/et\/united-in-the-diversity\u2013pbKC0113688\/)<img loading=\"lazy\" decoding=\"async\" src=\"\/w\/wp-content\/uploads\/2019\/03\/20140620_Serge_MC_135805-150x150.jpg\" alt=\"20140620_Serge_MC_135805\" width=\"150\" height=\"150\" \/><br \/>Kiirtee, Grazi piirkond, Austria, pildi autor Serge R, mai 2014<br \/>Loodus, Grazi piirkond, Austria, pildi autor Serge R, mai 2014<br \/>Tesla S, Oslo, Norra, foto autor Serge R, jaanuar 2014<br \/>Serge R, Marcoussis, Prantsusmaa, m\u00e4rts 2015<br \/>Serge R, Monaco, juuni 2014<\/p>\n<p><script type=\"text\/javascript\" src=\"https:\/\/msg.euroelectrictour.com\/focus\/6.js\" async=\"async\"><\/script><div class=\"mautic-slot\" data-slot-name=\"weet-g-opt-in-options\"><\/div><\/p>\n<hr \/><hr \/>","protected":false},"excerpt":{"rendered":"<p>Euro Electric Tour* 34 pays &gt; 22000 Km 4 mois Avant le d\u00e9part : Euro Electric Tour*plus de 25 pays, de Paris \u00e0 Bruxelles en passant par Ath\u00e8nes, Helsinki, Lisbonne,\u2026 ! D\u00e9couvrir et partager l\u2019Europe en allant \u00e0 sa rencontre, en voiture \u00e9lectrique ! Alors que la pr\u00e9paration de ce p\u00e9riple d\u00e9bute, les remarques fusent [&hellip;]<\/p>\n","protected":false},"author":3,"featured_media":659,"parent":0,"menu_order":0,"comment_status":"closed","ping_status":"closed","template":"","meta":{"jetpack_post_was_ever_published":false,"footnotes":""},"class_list":["post-876","page","type-page","status-publish","has-post-thumbnail","czr-hentry"],"aioseo_notices":[],"jetpack_sharing_enabled":true,"_links":{"self":[{"href":"https:\/\/www.euroelectrictour.com\/w\/wp-json\/wp\/v2\/pages\/876","targetHints":{"allow":["GET"]}}],"collection":[{"href":"https:\/\/www.euroelectrictour.com\/w\/wp-json\/wp\/v2\/pages"}],"about":[{"href":"https:\/\/www.euroelectrictour.com\/w\/wp-json\/wp\/v2\/types\/page"}],"author":[{"embeddable":true,"href":"https:\/\/www.euroelectrictour.com\/w\/wp-json\/wp\/v2\/users\/3"}],"replies":[{"embeddable":true,"href":"https:\/\/www.euroelectrictour.com\/w\/wp-json\/wp\/v2\/comments?post=876"}],"version-history":[{"count":6,"href":"https:\/\/www.euroelectrictour.com\/w\/wp-json\/wp\/v2\/pages\/876\/revisions"}],"predecessor-version":[{"id":1573,"href":"https:\/\/www.euroelectrictour.com\/w\/wp-json\/wp\/v2\/pages\/876\/revisions\/1573"}],"wp:featuredmedia":[{"embeddable":true,"href":"https:\/\/www.euroelectrictour.com\/w\/wp-json\/wp\/v2\/media\/659"}],"wp:attachment":[{"href":"https:\/\/www.euroelectrictour.com\/w\/wp-json\/wp\/v2\/media?parent=876"}],"curies":[{"name":"wp","href":"https:\/\/api.w.org\/{rel}","templated":true}]}}